{"id":1201,"date":"2021-01-23T12:28:09","date_gmt":"2021-01-23T11:28:09","guid":{"rendered":"http:\/\/www.stjoguignen.fr\/?page_id=1201"},"modified":"2026-02-03T14:59:57","modified_gmt":"2026-02-03T13:59:57","slug":"histoire-du-college","status":"publish","type":"page","link":"https:\/\/www.stjoguignen.fr\/index.php\/histoire-du-college\/","title":{"rendered":"Historique"},"content":{"rendered":"\n<p><span style=\"color: #000000;\">En 1964 dans les locaux de l&rsquo;ancienne \u00e9cole primaire priv\u00e9e pour filles de Guignen tenue par les s\u0153urs de Kermaria de Locmin\u00e9 s&rsquo;ouvre le cours compl\u00e9mentaire devenu le coll\u00e8ge Saint Joseph. Durant les ann\u00e9es qui suivent on assiste \u00e0 une forte mobilisation des parents d&rsquo;\u00e9l\u00e8ves pour am\u00e9nager ce nouvel \u00e9tablissement (construction de classes et d&rsquo;une cantine, cour de r\u00e9cr\u00e9ation et installation de la communaut\u00e9 des s\u0153urs dans les locaux actuellement reconvertis pour l&rsquo;administration).<\/span><\/p>\n<p><span style=\"color: #000000;\">En 1979, les religieuses quittent Guignen et sont remplac\u00e9es par un corps professoral de la\u00efcs. Depuis cette date, 8 chefs d&rsquo;\u00e9tablissement, apportant leur pi\u00e8ce \u00e0 l&rsquo;\u00e9difice, se sont succ\u00e9d\u00e9 \u00e0 la t\u00eate du coll\u00e8ge Saint Joseph :<\/span><\/p>\n<table style=\"border-collapse: collapse; width: 100%;\">\n<tbody>\n<tr>\n<td style=\"width: 18.9063%; text-align: left;\">\u00a0<\/td>\n<td style=\"width: 33.3855%; text-align: left;\"><span style=\"color: #000000;\">&#8211; M. Jean-Yves GARNIER jusqu&rsquo;en 1985<\/span><br \/><span style=\"color: #000000;\">&#8211; M. Jean GUIFFANT de 1985 \u00e0 1988<\/span><br \/><span style=\"color: #000000;\">&#8211; M. Michel LAMBERT de 1988 \u00e0 1991<\/span><br \/><span style=\"color: #000000;\">&#8211; M. Marcel BLOT de 1991 \u00e0 1998<\/span><br \/><span style=\"color: #000000;\">&#8211; M. Michel PRODHOMME de 1998 \u00e0 2001<\/span><br \/><span style=\"color: #000000;\">&#8211; Mme Catherine DAGUET de 2001 \u00e0 2003<\/span><br \/><span style=\"color: #000000;\">&#8211; M. Jean-Yves PAIGIER de 2003 \u00e0 2015<\/span><br \/><span style=\"color: #000000;\">&#8211; Mme Jeanick ANDR\u00c9 depuis 2015<\/span><\/td>\n<td style=\"width: 47.7083%;\"><img loading=\"lazy\" decoding=\"async\" class=\"alignnone size-medium wp-image-1320 alignleft\" src=\"https:\/\/www.stjoguignen.fr\/wp-content\/uploads\/2021\/01\/Jardin-interieur-du-college-300x169.png\" alt=\"\" width=\"300\" height=\"169\" srcset=\"https:\/\/www.stjoguignen.fr\/wp-content\/uploads\/2021\/01\/Jardin-interieur-du-college-300x169.png 300w, https:\/\/www.stjoguignen.fr\/wp-content\/uploads\/2021\/01\/Jardin-interieur-du-college.png 443w\" sizes=\"auto, (max-width: 300px) 100vw, 300px\" \/><\/td>\n<\/tr>\n<\/tbody>\n<\/table>\n<p><span style=\"color: #000000;\">En 2021, l&rsquo;\u00e9tablissement se dote de nouveaux locaux (10 classes et un espace administratif) et change d&rsquo;adresse : 15 rue des Forgets 35580 GUIGNEN.<\/span><\/p>\n<p><span style=\"color: #000000;\">Ce coll\u00e8ge est situ\u00e9 au c\u0153ur du bourg de Guignen. Implant\u00e9 dans une commune de 3945 habitants, laquelle s&rsquo;\u00e9tend sur une superficie de 5305 ha qui en font en surface la 3\u00e8me commune du d\u00e9partement d&rsquo;Ille-et-Vilaine. Elle se situe environ \u00e0 25 km de Rennes et 35 km de Redon, deux p\u00f4les particuli\u00e8rement attractifs.<\/span><\/p>\n<p><span style=\"color: #000000;\">Gr\u00e2ce notamment \u00e0 une organisation adapt\u00e9e des transports scolaires, le coll\u00e8ge accueille des \u00e9l\u00e8ves venant de tout le secteur scolaire de Guignen, Baulon, Bourg-des-Comptes, Guichen, Guignen, Lassy, St-Senoux mais aussi quelques-uns de l&rsquo;ext\u00e9rieur par exemple St-Malo-de-Phily. En 2024, ils sont 405 r\u00e9partis dans 16 classes.<\/span><\/p>\n<p><span style=\"color: #000000;\">L&rsquo;origine professionnelle des parents est le reflet des caract\u00e9ristiques socio-\u00e9conomiques de ce bassin d&#8217;emploi : principalement agriculteurs et ouvriers mais aussi commer\u00e7ants, employ\u00e9s, cadres et quelques membres de professions lib\u00e9rales.<\/span><\/p>\n<p><span style=\"color: #000000;\">Enseignants et parents s&rsquo;entendent sur les objectifs \u00e0 atteindre par les \u00e9l\u00e8ves, scolaires et \u00e9ducatifs, pour une scolarit\u00e9 r\u00e9ussie.<\/span><\/p>\n<p><span style=\"color: #000000;\">Tout concourt donc \u00e0 faire de Saint Joseph de Guignen un agr\u00e9able coll\u00e8ge situ\u00e9 en milieu rural qui offre toutes les opportunit\u00e9s de formation et de pr\u00e9paration au parcours de lyc\u00e9e.<\/span><\/p>\n<p>\u00a0<\/p>\n","protected":false},"excerpt":{"rendered":"<p>En 1964 dans les locaux de l&rsquo;ancienne \u00e9cole primaire priv\u00e9e pour filles de Guignen tenue par les s\u0153urs de Kermaria de Locmin\u00e9 s&rsquo;ouvre le cours compl\u00e9mentaire devenu le coll\u00e8ge Saint Joseph. Durant les ann\u00e9es&#46;&#46;&#46;<\/p>\n","protected":false},"author":2,"featured_media":0,"parent":0,"menu_order":0,"comment_status":"closed","ping_status":"closed","template":"","meta":{"footnotes":""},"class_list":["post-1201","page","type-page","status-publish","hentry"],"jetpack_sharing_enabled":true,"_links":{"self":[{"href":"https:\/\/www.stjoguignen.fr\/index.php\/wp-json\/wp\/v2\/pages\/1201","targetHints":{"allow":["GET"]}}],"collection":[{"href":"https:\/\/www.stjoguignen.fr\/index.php\/wp-json\/wp\/v2\/pages"}],"about":[{"href":"https:\/\/www.stjoguignen.fr\/index.php\/wp-json\/wp\/v2\/types\/page"}],"author":[{"embeddable":true,"href":"https:\/\/www.stjoguignen.fr\/index.php\/wp-json\/wp\/v2\/users\/2"}],"replies":[{"embeddable":true,"href":"https:\/\/www.stjoguignen.fr\/index.php\/wp-json\/wp\/v2\/comments?post=1201"}],"version-history":[{"count":3,"href":"https:\/\/www.stjoguignen.fr\/index.php\/wp-json\/wp\/v2\/pages\/1201\/revisions"}],"predecessor-version":[{"id":4270,"href":"https:\/\/www.stjoguignen.fr\/index.php\/wp-json\/wp\/v2\/pages\/1201\/revisions\/4270"}],"wp:attachment":[{"href":"https:\/\/www.stjoguignen.fr\/index.php\/wp-json\/wp\/v2\/media?parent=1201"}],"curies":[{"name":"wp","href":"https:\/\/api.w.org\/{rel}","templated":true}]}}